{"id":985,"date":"2021-08-19T11:23:54","date_gmt":"2021-08-19T08:23:54","guid":{"rendered":"https:\/\/filosofit.fi\/FiPra\/?page_id=985"},"modified":"2026-04-26T10:37:05","modified_gmt":"2026-04-26T07:37:05","slug":"lukupiiri","status":"publish","type":"page","link":"https:\/\/filosofit.fi\/FiPra\/?page_id=985","title":{"rendered":"Lukupiiri"},"content":{"rendered":"\n<p>Tervetuloa filosofisoimaan kerran kuussa kanssamme! Tapaamme p\u00e4\u00e4asiassa kuukauden toisena maanantaina klo 18-19.30. Osallistuminen ei vaadi ennakkotietoja filosofiasta tai esimerkiksi Fiven j\u00e4senyytt\u00e4. Tapahtuma on maksuton. Teoksen tai l\u00e4hdemateriaalin lukeminen ei ole v\u00e4ltt\u00e4m\u00e4t\u00f6nt\u00e4 osallistumiselle.<\/p>\n\n\n\n<p>Lukupiiri j\u00e4rjestet\u00e4\u00e4n verkossa Zoom-yhteydell\u00e4, ellei toisin mainita. Voit liitty\u00e4 mukaan mist\u00e4 tahansa, joko tietokoneella tai mobiililaitteella. Tapahtuman (sama) linkki toimii jokaisessa tapaamisessa. <\/p>\n\n\n\n<p><em>Osallistujat tulevat ensin ns. odotushuoneeseen, ja p\u00e4\u00e4st\u00e4mme kaikki sis\u00e4\u00e4n noin klo 17.55 tilaisuuteen. N\u00e4in pyrimme erottamaan mahdolliset h\u00e4irik\u00f6t linjoilta. <strong>K\u00e4yt\u00e4 omaa nime\u00e4si osallistuessasi<\/strong><\/em> <em><strong>eli ennen liittymist\u00e4 Zoomiin, kirjoita (etu)nimesi osallistujatietoihin. <\/strong><\/em><\/p>\n\n\n\n<ul class=\"wp-block-list\">\n<li><em>Jos joku osallistuja laittaa keskusteluun (chat) linkin, jonka kohdeosoite vaikuttaa ep\u00e4ilytt\u00e4v\u00e4lt\u00e4, \u00e4l\u00e4 klikkaa.<\/em><\/li>\n\n\n\n<li><em>Voit k\u00e4ytt\u00e4\u00e4 halutessasi Zoomia my\u00f6s selaimesta lataamatta ohjelmaa koneellesi.<\/em><\/li>\n<\/ul>\n\n\n\n<p>Tule mukaan ja osallistu haluamallasi tavalla!<br><br><a href=\"https:\/\/us02web.zoom.us\/j\/84982718535?pwd=d09UeXdQWEFkOTFrTUpvR0Y2bUZLUT09\">Linkki Zoomiin<\/a><br>Tarvittaessa:<br>Meeting ID: 849 8271 8535<br>Passcode: 600997<\/p>\n\n\n\n<p><strong>Jokaisesta lukupiirist\u00e4 julkaistaan erikseen kuvaus ja tutustuttava materiaali (<em>etusivulla<\/em>), t\u00e4ss\u00e4 aikataulu ja alustavat tiedot<\/strong><strong>: <\/strong><\/p>\n\n\n\n<p><strong>Kev\u00e4\u00e4n 2026 lukupiirit: <\/strong><\/p>\n\n\n\n<p>12.1. Elli Akr\u00e9n-Ebbe ja Peter Lundqvist alustavat. Teemana Viktor E. Franklin essee: <a href=\"https:\/\/filosofit.fi\/FiPra\/wp-content\/uploads\/Frankl_tammikuu2026.pdf\">Puhtaan kohtaamisen kritiikki\u00e4 &#8211; kuinka humanistista &#8221;humanistinen psykologia&#8221; on? <\/a><br>9.2. KTT Mia Salo alustaa <a href=\"https:\/\/filosofit.fi\/FiPra\/?p=2441\">Viktor E. Franklin ihmis- ja todellisuusk\u00e4sityksist\u00e4.<\/a><br>9.3. Teemana on estetiikka ja FT, estetiikan dosentti Kalle Puolakka alustaa liittyen kirjaansa <em>Miksi lukea kirjallisuutta. Filosofinen tutkielma.<\/em> (SKS, 2025). <br>13.4. KT Johanna Kallio alustaa J.A. Hollo: <em>Itsekasvatus ja el\u00e4misen taito <\/em>(1932) pohjalta. <br>11.5. \u00a0FT, logoterapeutti Timo Purjo alustaa henkisest\u00e4 uhmavoimasta (lis\u00e4tietoja tulossa pian, pohjautuu Purjon kirjaan Henkinen uhmavoima, Basam books 2020, ja uusi painos 2026. Etuk\u00e4teen voit tutustua <a href=\"https:\/\/filosofit.fi\/FiPra\/wp-content\/uploads\/Henkinen_uhmavoima.pdf\">t\u00e4h\u00e4n kirjan osioon<\/a>)<\/p>\n\n\n\n<p><strong>Syksyn 2025 lukupiirit:<\/strong><\/p>\n\n\n\n<p>8.9. Jussi Hanhivaara alustaa <a href=\"https:\/\/sarolehti.net\/lehti\/martin-buber-ja-umkehr-eli-kuinka-minusta-tuli-juutalainen\/\">Buberista<\/a> (ja ehk\u00e4 v\u00e4h\u00e4n Rumistakin)<br>13.10. Anttoni Kuusela alustaa japanilaisesta filosofiasta<br>10.11. Peter Lundqvist alustaa <a href=\"https:\/\/filosofit.fi\/FiPra\/?p=2231\">persoonan olemuksesta<\/a><br>8.12. Liisa Kaski alustaa, aiheena Porfyrios: Sielullisten vahingoittamatta vastaan. Lis\u00e4tietoja tulossa.<\/p>\n\n\n\n<p><strong>Kev\u00e4\u00e4n 2025 lukupiirit:<\/strong><\/p>\n\n\n\n<p>13.1. Lassi Larjo alustaa, The Burnout Society<br>10.2. <a href=\"https:\/\/filosofit.fi\/FiPra\/?p=2050\" data-type=\"link\" data-id=\"https:\/\/filosofit.fi\/FiPra\/?p=2050\">Dan Chi\u021boiu alustaa, Spiritual perception<\/a><br>12.3. Minna-Kerttu Kekki alustaa, aiheena <a href=\"https:\/\/filosofia.fi\/sv\/ensyklopedia\/stein-edith\">Edith Stein<\/a> (tekstin\u00e4 <a href=\"https:\/\/filosofit.fi\/FiPra\/wp-content\/uploads\/An-investigation-concerning-the-state-Edith-Stein.pdf\">An Investigation Concerning the State<\/a> -teoksesta kappaleet 1 e, 3 e ja 4 b.). Poikkeuksellisesti keskiviikkona ja paikan p\u00e4\u00e4ll\u00e4 Helsingiss\u00e4. <br>14.4. Aliisa Nummela alustaa, <a href=\"https:\/\/filosofit.fi\/FiPra\/?p=2103\" data-type=\"link\" data-id=\"https:\/\/filosofit.fi\/FiPra\/?p=2103\">Irigarayn Sukupuoliero<\/a><br>5.5. Leena Kurki alustaa (poikkeuksellisesti kuun ensimm\u00e4inen maanantai), <a href=\"https:\/\/filosofit.fi\/FiPra\/?p=2103\" data-type=\"link\" data-id=\"https:\/\/filosofit.fi\/FiPra\/?p=2103\">Persoona on dialoginen olento<\/a><\/p>\n\n\n\n<p><strong>Syksyn 2024 lukupiirit:<\/strong><\/p>\n\n\n\n<p>9.9. Aiheena &#8221;Buber, Min\u00e4 ja Sin\u00e4&#8221;. Alustajana Peter Lundqvist. <br>14.10. Markku Kailaheimo alustaa kirjastaan Contra Augustinum pro Hippocrate (Atrain &amp; Nord, 2024)<br>11.11. Tiina Raevaara alustaa kirjastaan Ikuisen el\u00e4m\u00e4n lyhyt historia \u2013 Kuinka taistelemme kuolemaa ja vanhuutta vastaan (Like, 2024)<br>9.12. Markku Roinila alustaa Leibnizista. Etuk\u00e4teen voi tutustua: <a href=\"https:\/\/filosofia.fi\/fi\/ensyklopedia\/leibniz-moraalifilosofia-ja-teodikean-ongelma\">https:\/\/filosofia.fi\/fi\/ensyklopedia\/leibniz-moraalifilosofia-ja-teodikean-ongelma<\/a> ja&nbsp;Leibniz, Filosofisia tutkielmia (toim. Aho &amp; Roinila), Gaudeamus 2011:<\/p>\n\n\n\n<ul class=\"wp-block-list\">\n<li>Muistio hyv\u00e4\u00e4 tarkoittaville ja valistuneille henkil\u00f6ille, s. 190-198<\/li>\n\n\n\n<li>Onnellisuuden tiede s. 201-205<\/li>\n<\/ul>\n\n\n\n<p><strong>Kev\u00e4\u00e4n 2024 lukupiirit:<\/strong><\/p>\n\n\n\n<p>15.1. <a href=\"https:\/\/filosofit.fi\/FiPra\/?p=1708\" data-type=\"link\" data-id=\"https:\/\/filosofit.fi\/FiPra\/?p=1708\">Peter Lundqvist alustaa: Miss\u00e4 filosofiaan tehd\u00e4\u00e4n<\/a><br>12.2. <a href=\"https:\/\/filosofit.fi\/FiPra\/?p=1719\" data-type=\"link\" data-id=\"https:\/\/filosofit.fi\/FiPra\/?p=1719\">Luis de Miranda alustaa: Filosofinen terveys ja kuinka se voi muuttaa el\u00e4m\u00e4si<\/a><br>11.3. <a href=\"https:\/\/filosofit.fi\/FiPra\/?p=1749\" data-type=\"link\" data-id=\"https:\/\/filosofit.fi\/FiPra\/?p=1749\">Paavo Hohti: Aristoteleen Runousoppi<\/a> Runousopin k\u00e4sitteist\u00e4 ja niiden tulkinnasta. (HUOM! Paikan p\u00e4\u00e4ll\u00e4 Helsingiss\u00e4)<br>8.4. <a href=\"https:\/\/filosofit.fi\/FiPra\/?p=1797\" data-type=\"link\" data-id=\"https:\/\/filosofit.fi\/FiPra\/?p=1797\">Tuukka Tomperi alustaa: Traaginen el\u00e4m\u00e4ntunto (Miguel de Unamuno)<\/a><br>13.5. <a href=\"https:\/\/filosofit.fi\/FiPra\/?p=1898\" data-type=\"link\" data-id=\"https:\/\/filosofit.fi\/FiPra\/?p=1898\">Claudia Zatta Italiasta alustaa: \u201cAway from the Stars: Animals&#8217; Common Nature in Aristotle&#8221;.<\/a> T\u00e4ll\u00e4 kertaa puhumme englantia. <\/p>\n\n\n\n<p><strong>Syksyn 2023 lukupiirit:<\/strong><\/p>\n\n\n\n<p>11.9. Mika Koskinen alustaa: Ajattelun ajattelusta ja n\u00e4k\u00f6kulman vaihtamisen taidoista<br>9.10. Peter Lundqvist alustaa: Filosofian maallistuminen<br>13.11. Piia Koivum\u00e4ki alustaa: Lauri Rauhalan filosofiasta ja Heikki Vuorilan muistoksi. <br>11.12. Elli Akr\u00e9n-Ebbe alustaa: J\u00e4\u00e4vuoren huipulta: filosofien ajatuksia tiedostavasta ruumiista, ymm\u00e4rryksest\u00e4 ja viisaudesta sek\u00e4 tiedostamattomasta -antiikista 1900-luvulle. <\/p>\n\n\n\n<p><strong>Kev\u00e4\u00e4n 2023 lukupiirit: <\/strong><\/p>\n\n\n\n<p>6.3.2023 Peter Lundqvist: Hyveellist\u00e4 el\u00e4m\u00e4\u00e4 etsim\u00e4ss\u00e4. Mit\u00e4 on hyve\/hyveellinen? Mik\u00e4 on t\u00e4rke\u00e4\u00e4, kun puhutaan hyveist\u00e4?<br>3.4.2023 Samuel Salovuori: Kuinka vahvistaa ja syvent\u00e4\u00e4 el\u00e4m\u00e4n merkityksellisyytt\u00e4?<br>8.5.2023: Lassi Larjo: Suunnistaminen. Mietimme suuntaa, suunnattomuutta, reitinvalintaa, eksymist\u00e4, kompassien erantoa ja karttojen kelvottomuutta.<\/p>\n\n\n\n<p>Tilaisuudet toteutetaan&nbsp;<a href=\"https:\/\/us02web.zoom.us\/j\/84982718535?pwd=d09UeXdQWEFkOTFrTUpvR0Y2bUZLUT09\">Zoom-yhteydell\u00e4<\/a>&nbsp;ja ne ovat maksuttomia.<br><br>Liity Zoom-tapaamiseen klikkaamalla&nbsp;<a href=\"https:\/\/us02web.zoom.us\/j\/84982718535?pwd=d09UeXdQWEFkOTFrTUpvR0Y2bUZLUT09\">t\u00e4st\u00e4<\/a><br>Sy\u00f6t\u00e4 tarvittaessa seuraavat tiedot:<br>Meeting ID: 849 8271 8535<br>Passcode: 600997<\/p>\n\n\n\n<p><a href=\"https:\/\/fb.me\/e\/2Jo1pbflv\">Tapahtuma Facebookissa<\/a>&nbsp;\u2013 t\u00e4\u00e4ll\u00e4 voi viritell\u00e4 keskustelua muiden osallistujien kanssa!<\/p>\n\n\n\n<p><strong>Syksyn 2022 lukupiirit: <\/strong><\/p>\n\n\n\n<p>12.9.2022 Peter Lundqvist: Filosofian tuolla puolen<br>10.10.2022 Ville-Matti Vilkka: Finnin puristaminen &#8211; karteesiolaiset ajattelupiintym\u00e4t<br>14.11.2022  Pia Houni: Filosofia ja rakkausrunot<br>12.12.2022 Marke Ahonen: Hippokrates &#8211; valitut teokset<\/p>\n\n\n\n<hr class=\"wp-block-separator has-css-opacity\"\/>\n\n\n\n<p><strong>Kev\u00e4\u00e4n 2022 lukupiirit:<\/strong><\/p>\n\n\n\n<p>14.3. klo 18 &#8221;Finnin puristaminen&#8221;. Vet\u00e4j\u00e4n\u00e4 Ville-Matti Vilkka<br>11.4. klo 18 &#8221;Kasvatus&#8221;. Vet\u00e4j\u00e4n\u00e4 Lassi Larjo<br>9.5. klo 18 &#8221;Euroopan ry\u00f6st\u00f6&#8221;. Vet\u00e4j\u00e4n\u00e4 Aliisa Nummela<\/p>\n\n\n\n<hr class=\"wp-block-separator has-css-opacity\"\/>\n\n\n\n<p><strong>Ma 6.9. klo 18-19.30<\/strong> Kuka keksi tiedostamattoman? Alustajana Heikki Vuorila. <\/p>\n\n\n\n<p><strong>Ma 4.10. klo 18-19.30<\/strong>  Kun sanat eiv\u00e4t riit\u00e4 &#8211; Deleuze pyrkii selitt\u00e4m\u00e4\u00e4n t\u00e4t\u00e4. Keskustelun pohjana kehon differentiaalilaskentaa; Deleuzen tulkintaa kehon moraalisesta v\u00e4ltt\u00e4m\u00e4tt\u00f6myydest\u00e4. Olemmeko nakuja monadeja, muistavia monadeja vai ajatteluun kykenevi\u00e4 monadeja? Deleuze hahmottelee differentiaalista reflektioita yksil\u00f6iv\u00e4n reflektion sijaan kirjassaan The Fold. Aiheesta alustaa Peter Lundqvist. L\u00e4hdeaineistona <a href=\"https:\/\/www.academia.edu\/4252451\/Deleuze_The_Fold_Leibniz_and_the_Baroque\">Gilles Deleuze: The Fold, Leibniz and the Baroque<\/a> (linkki pdf-versioon), erityisesti kappale 3, Having a body sivut 97-113 Perception in the folds (<a href=\"http:\/\/filosofit.fi\/FiPra\/wp-content\/uploads\/deleuze.pdf\">n\u00e4m\u00e4 sivut skannattuna<\/a>).<br><br><strong>Ma 1.11 klo 18-19.30 <\/strong>Antiikista, arvoista, ainutkertaisuudesta ja anteliaisuudesta. V\u00e4h\u00e4n rikkautta ja rakkautta arvokeskusteluun. Emmeh\u00e4n anna t\u00e4m\u00e4n hyveemme hautautua vaan hautua! Lukupiiri talouden ja lis\u00e4arvon tuottamisen n\u00e4k\u00f6kulmasta. Aiheesta alustaa ja lis\u00e4arvon keskusteluksi rajaa filosofian praktikko Mika Koskinen. Voit tutustua kirjaan Mariana Mazzucato: Arvo, Globaalin talouden luojat ja v\u00e4list\u00e4vet\u00e4j\u00e4t, Terra Cognita 2019. Lis\u00e4vinkkej\u00e4 ja -linkkej\u00e4 keskustelun pohjaksi viel\u00e4 l\u00e4hemp\u00e4n\u00e4.&nbsp;<\/p>\n\n\n\n<p><strong>Ma 29.11. klo 18-19.30<\/strong> V\u00e4it\u00f6skirjatutkija ja filosofian praktikko Anu Virtanen esittelee maanantaina 29.11. filosofiseen praktiikkaan liittyv\u00e4\u00e4 tutkimusta ja avaa yhteiselle keskustelulle n\u00e4k\u00f6kulmia. Millaista tutkimusta filosofisen praktiikan alalla tehd\u00e4\u00e4n? Miksi? Onko tutkimus tarpeellista? Mik\u00e4 filosofisen praktiikan panos voisi olla tutkimukselle muilla aloilla?&nbsp;<\/p>\n\n\n\n<p>Jos tahdot orientoitua illan teemaan, voit tutustua seuraaviin artikkeleihin, joissa filosofisen praktiikan ja tutkimuksen suhdetta k\u00e4sitell\u00e4\u00e4n eri tavoin. Ensimm\u00e4isess\u00e4 artikkelissa tutkijat Marcussen, Weiss ja Helskog raportoivat tuloksia tieteellisest\u00e4 tutkimuksesta, jossa tarkasteltiin yhden filosofisen praktiikan l\u00e4hestymistavan (Dialogos) k\u00e4ytt\u00f6\u00e4 kest\u00e4v\u00e4n kehityksen opetuksessa. Toisessa artikkelissa puolestaan filosofian praktikko Anders Lindseth k\u00e4sittelee filosofista praktiikkaa itsess\u00e4\u00e4n tutkimusmetodina sen selvitt\u00e4miseen, mist\u00e4 ihmiselossa on perimmilt\u00e4\u00e4n kyse.&nbsp;<\/p>\n\n\n\n<p>1)&nbsp;&nbsp;&nbsp;&nbsp;Marcussen, E. H., Weiss, M., &amp; Helskog, G. H. (2021). How Philosophizing the Dialogos Way Can Promote Education for Sustainable Development. In&nbsp;<em>Teacher Education in the 21st Century-Emerging Skills for a Changing World<\/em>. IntechOpen. Luettavissa&nbsp;<a rel=\"noreferrer noopener\" href=\"https:\/\/www.intechopen.com\/chapters\/75268\" target=\"_blank\">t\u00e4\u00e4ll\u00e4.<\/a><\/p>\n\n\n\n<p>&nbsp;2)&nbsp;&nbsp;&nbsp;&nbsp;Lindseth, A (2015). The Meaningfulness of and Satisfaction from Dialogues in Philosophical Practice: Considerations of Content and Methodology. In&nbsp;Aleksandar Fati\u0107&nbsp;and Lydia Amir (Eds.) Practicing Philosophy. Cambridge Scholars Publishing. 42-56.&nbsp; Luettavissa&nbsp;<a rel=\"noreferrer noopener\" href=\"https:\/\/books.google.fi\/books?hl=en&amp;lr=&amp;id=SrQPCwAAQBAJ&amp;oi=fnd&amp;pg=PA42&amp;dq=The+Meaningfulness+of+and+Satisfaction+from+Dialogues+in+Philosophical+Practice:+Considerations+of+Content+and+Methodology&amp;ots=IPXk3Dg9q8&amp;sig=n0DygUuKhNSm3f623X-w_iIcnZs&amp;redir_esc=y#v=onepage&amp;q=The%20Meaningfulness%20of%20and%20Satisfaction%20from%20Dialogues%20in%20Philosophical%20Practice%3A%20Considerations%20of%20Content%20and%20Methodology&amp;f=false\" target=\"_blank\">t\u00e4\u00e4ll\u00e4<\/a>.&nbsp;<br><br><br>Kuva: iStock by Getty Images\/francescoch<\/p>\n","protected":false},"excerpt":{"rendered":"<p>Tervetuloa filosofisoimaan kerran kuussa kanssamme! Tapaamme p\u00e4\u00e4asiassa kuukauden toisena maanantaina klo 18-19.30. Osallistuminen ei vaadi ennakkotietoja filosofiasta tai esimerkiksi Fiven j\u00e4senyytt\u00e4. Tapahtuma on maksuton. Teoksen tai l\u00e4hdemateriaalin lukeminen ei ole v\u00e4ltt\u00e4m\u00e4t\u00f6nt\u00e4 osallistumiselle. Lukupiiri j\u00e4rjestet\u00e4\u00e4n verkossa Zoom-yhteydell\u00e4, ellei toisin mainita. Voit liitty\u00e4 mukaan mist\u00e4 tahansa, joko tietokoneella tai mobiililaitteella. Tapahtuman (sama) linkki toimii jokaisessa tapaamisessa. Osallistujat&hellip; <\/p>\n<p class=\"toivo-read-more\"><a href=\"https:\/\/filosofit.fi\/FiPra\/?page_id=985\" class=\"more-link\">Lue lis\u00e4\u00e4 <span class=\"screen-reader-text\">Lukupiiri<\/span><\/a><\/p>\n","protected":false},"author":18,"featured_media":1275,"parent":31,"menu_order":0,"comment_status":"closed","ping_status":"closed","template":"pages\/child-pages.php","meta":{"footnotes":""},"class_list":{"0":"post-985","1":"page","2":"type-page","3":"status-publish","4":"has-post-thumbnail","6":"entry"},"_links":{"self":[{"href":"https:\/\/filosofit.fi\/FiPra\/index.php?rest_route=\/wp\/v2\/pages\/985","targetHints":{"allow":["GET"]}}],"collection":[{"href":"https:\/\/filosofit.fi\/FiPra\/index.php?rest_route=\/wp\/v2\/pages"}],"about":[{"href":"https:\/\/filosofit.fi\/FiPra\/index.php?rest_route=\/wp\/v2\/types\/page"}],"author":[{"embeddable":true,"href":"https:\/\/filosofit.fi\/FiPra\/index.php?rest_route=\/wp\/v2\/users\/18"}],"replies":[{"embeddable":true,"href":"https:\/\/filosofit.fi\/FiPra\/index.php?rest_route=%2Fwp%2Fv2%2Fcomments&post=985"}],"version-history":[{"count":73,"href":"https:\/\/filosofit.fi\/FiPra\/index.php?rest_route=\/wp\/v2\/pages\/985\/revisions"}],"predecessor-version":[{"id":2502,"href":"https:\/\/filosofit.fi\/FiPra\/index.php?rest_route=\/wp\/v2\/pages\/985\/revisions\/2502"}],"up":[{"embeddable":true,"href":"https:\/\/filosofit.fi\/FiPra\/index.php?rest_route=\/wp\/v2\/pages\/31"}],"wp:featuredmedia":[{"embeddable":true,"href":"https:\/\/filosofit.fi\/FiPra\/index.php?rest_route=\/wp\/v2\/media\/1275"}],"wp:attachment":[{"href":"https:\/\/filosofit.fi\/FiPra\/index.php?rest_route=%2Fwp%2Fv2%2Fmedia&parent=985"}],"curies":[{"name":"wp","href":"https:\/\/api.w.org\/{rel}","templated":true}]}}