{"id":903,"date":"2020-09-01T11:26:19","date_gmt":"2020-09-01T08:26:19","guid":{"rendered":"http:\/\/filosofit.fi\/FiPra\/?page_id=903"},"modified":"2020-09-01T11:26:19","modified_gmt":"2020-09-01T08:26:19","slug":"tarja-kallio-tamminen","status":"publish","type":"page","link":"https:\/\/filosofit.fi\/FiPra\/?page_id=903","title":{"rendered":"Tarja Kallio-Tamminen"},"content":{"rendered":"\n<div class=\"wp-block-image\"><figure class=\"aligncenter size-medium\"><img loading=\"lazy\" decoding=\"async\" width=\"200\" height=\"300\" src=\"http:\/\/filosofit.fi\/FiPra\/wp-content\/uploads\/TKT-200x300.jpg\" alt=\"\" class=\"wp-image-904\" srcset=\"https:\/\/filosofit.fi\/FiPra\/wp-content\/uploads\/TKT-200x300.jpg 200w, https:\/\/filosofit.fi\/FiPra\/wp-content\/uploads\/TKT.jpg 567w\" sizes=\"auto, (max-width: 200px) 100vw, 200px\" \/><\/figure><\/div>\n\n\n\n<p>Avasin filosofisen praktiikkani 2011 perustaessani KalpaTarun (<a href=\"http:\/\/kalpataru.fi\/\">http:\/\/kalpataru.fi\/<\/a>) id\u00e4n viisauden ja modernin tieteen kohtauspaikaksi. Kysymys ihmisest\u00e4 ja h\u00e4nen mahdollisuuksistaan maailmassa on aina ollut kiinnostukseni keski\u00f6ss\u00e4. Kun klassiseen fysiikkaan pohjannut mekanistis-materialistinen maailmankuvamme osoittautui kvanttimekaniikan my\u00f6t\u00e4 riitt\u00e4m\u00e4tt\u00f6m\u00e4ksi, kysymys aineen ja mielen suhteesta on arvioitava uudelleen. T\u00e4ll\u00f6in my\u00f6s luonnontieteist\u00e4 l\u00e4hteneell\u00e4 teoreettisen filosofian tohtorilla voi olla ihmisel\u00e4m\u00e4n haasteita koskeviin pohdintoihin jotakin annettavaa.<\/p>\n\n\n\n<p>KalpaTarun t\u00e4rkeimm\u00e4ksi toimintamuodoksi ja omaksi tavaramerkiksi muotoutui pian EEG-avusteinen meditaatio\u00ae&nbsp;kun tutustuin aivojen ja mielen suhdetta kartoittaviin neurotieteilij\u00f6ihin Andrew ja Alexander Fingelkurtsiin (<a href=\"https:\/\/www.bm-science.com\/index.php\">https:\/\/www.bm-science.com\/index.php<\/a>) Modernin neurotieteen pohjalta ihminen n\u00e4ytt\u00e4ytyy aivojensa ohjaamana itses\u00e4\u00e4telysysteemin\u00e4, jonka kaavamaisiin, toiston my\u00f6t\u00e4 muotoutuviin ohjelmiin tietoisuudella on vain veto-oikeus. T\u00e4m\u00e4 n\u00e4kemys tulee yll\u00e4tt\u00e4v\u00e4n l\u00e4helle id\u00e4n kontemplatiivisten traditioiden ikiaikaista k\u00e4sityst\u00e4 ihmisen henkisen kehityksen lainalaisuuksista. Esimerkiksi Patanjalin joogasutrien ja buddhalaisen psykologian mukaan ihminen voi mielt\u00e4 hiljent\u00e4vien harjoitusten avulla kehitt\u00e4\u00e4 tietoisuuttaan. Mielen hiljent\u00e4minen erilaisten keskittymis- ja meditaatioharjoitusten avulla antaa mahdollisuuden entist\u00e4 paremmin havainnoida sen luonnetta. Ihminen tulee paremmin tietoiseksi mieleens\u00e4 el\u00e4m\u00e4n my\u00f6t\u00e4 rakentuneista mentaalisista ja emotionaalisista sis\u00e4ll\u00f6ist\u00e4. T\u00e4m\u00e4 mahdollistaa monien automatisoituneiden reaktiotapojen purkamisen. Mielen eheytyess\u00e4 tietoisuus voi entisest\u00e4\u00e4n el\u00e4v\u00f6ity\u00e4 ja herkisty\u00e4, mik\u00e4 parantaa el\u00e4m\u00e4nlaatua. EEG-avusteisuuden my\u00f6t\u00e4 t\u00e4m\u00e4n subjektiivisen muutoksen voi havaita my\u00f6s objektiivisesti, kuinka aivotoimintojen eri aspektit harjoituksen my\u00f6t\u00e4 optimoituvat.&nbsp;<\/p>\n\n\n\n<p>Tieteellinen tieto ja erilaisiin mielenfilosofisiin traditioihin sis\u00e4ltyv\u00e4 el\u00e4m\u00e4nviisaus tarjoavat runsain m\u00e4\u00e4rin toimivia v\u00e4lineit\u00e4 el\u00e4m\u00e4n haasteiden kohtaamiseen. Filosofisessa dialogissa valmiita ratkaisuja t\u00e4rke\u00e4mp\u00e4\u00e4 on kuitenkin usein osallistujien omien kokemusten ja n\u00e4k\u00f6kulmien avoin jakaminen, mahdollisuus keskin\u00e4isen vuorovaikutuksen kautta omakohtaisesti oivaltaa jotakin uutta.&nbsp;<\/p>\n\n\n\n<p>Asenteeni el\u00e4m\u00e4\u00e4 ja sen ilmi\u00f6it\u00e4 kohtaan on lempe\u00e4n realistinen. Pohjimmiltani olen jalat maassa kulkeva luonnontieteilij\u00e4 ja -filosofi, joka yleisp\u00e4tevi\u00e4 s\u00e4\u00e4nt\u00f6j\u00e4 etsiess\u00e4\u00e4n samalla suunnistaa poisp\u00e4in mekanistisesta luonto- ja ihmisk\u00e4sityksest\u00e4. Pyrin kaikkialla huomaamaan toimintatavoissamme viel\u00e4 yleisesti vaikuttavan mekanistis-deterministisen todellisuusk\u00e4sityksen latistavan vaikutuksen. Ihmisess\u00e4 on paljon k\u00e4ytt\u00e4m\u00e4t\u00f6nt\u00e4 potentiaalia.&nbsp;<\/p>\n\n\n\n<p>Tarja Kallio-Tamminen, FT<br>Hanhilahdentie 85<br>02510 Oitm\u00e4ki<br>puh: 050 3801094<br>s-posti: <a href=\"mailto:info@kalpataru.fi\" target=\"_blank\" rel=\"noreferrer noopener\">info@kalpataru.fi<\/a><\/p>\n","protected":false},"excerpt":{"rendered":"<p>Avasin filosofisen praktiikkani 2011 perustaessani KalpaTarun (http:\/\/kalpataru.fi\/) id\u00e4n viisauden ja modernin tieteen kohtauspaikaksi. Kysymys ihmisest\u00e4 ja h\u00e4nen mahdollisuuksistaan maailmassa on aina ollut kiinnostukseni keski\u00f6ss\u00e4. Kun klassiseen fysiikkaan pohjannut mekanistis-materialistinen maailmankuvamme osoittautui kvanttimekaniikan my\u00f6t\u00e4 riitt\u00e4m\u00e4tt\u00f6m\u00e4ksi, kysymys aineen ja mielen suhteesta on arvioitava uudelleen. T\u00e4ll\u00f6in my\u00f6s luonnontieteist\u00e4 l\u00e4hteneell\u00e4 teoreettisen filosofian tohtorilla voi olla ihmisel\u00e4m\u00e4n haasteita koskeviin pohdintoihin&hellip; <\/p>\n<p class=\"toivo-read-more\"><a href=\"https:\/\/filosofit.fi\/FiPra\/?page_id=903\" class=\"more-link\">Lue lis\u00e4\u00e4 <span class=\"screen-reader-text\">Tarja Kallio-Tamminen<\/span><\/a><\/p>\n","protected":false},"author":10,"featured_media":0,"parent":6,"menu_order":0,"comment_status":"closed","ping_status":"closed","template":"","meta":{"footnotes":""},"class_list":{"0":"post-903","1":"page","2":"type-page","3":"status-publish","5":"entry"},"_links":{"self":[{"href":"https:\/\/filosofit.fi\/FiPra\/index.php?rest_route=\/wp\/v2\/pages\/903","targetHints":{"allow":["GET"]}}],"collection":[{"href":"https:\/\/filosofit.fi\/FiPra\/index.php?rest_route=\/wp\/v2\/pages"}],"about":[{"href":"https:\/\/filosofit.fi\/FiPra\/index.php?rest_route=\/wp\/v2\/types\/page"}],"author":[{"embeddable":true,"href":"https:\/\/filosofit.fi\/FiPra\/index.php?rest_route=\/wp\/v2\/users\/10"}],"replies":[{"embeddable":true,"href":"https:\/\/filosofit.fi\/FiPra\/index.php?rest_route=%2Fwp%2Fv2%2Fcomments&post=903"}],"version-history":[{"count":1,"href":"https:\/\/filosofit.fi\/FiPra\/index.php?rest_route=\/wp\/v2\/pages\/903\/revisions"}],"predecessor-version":[{"id":905,"href":"https:\/\/filosofit.fi\/FiPra\/index.php?rest_route=\/wp\/v2\/pages\/903\/revisions\/905"}],"up":[{"embeddable":true,"href":"https:\/\/filosofit.fi\/FiPra\/index.php?rest_route=\/wp\/v2\/pages\/6"}],"wp:attachment":[{"href":"https:\/\/filosofit.fi\/FiPra\/index.php?rest_route=%2Fwp%2Fv2%2Fmedia&parent=903"}],"curies":[{"name":"wp","href":"https:\/\/api.w.org\/{rel}","templated":true}]}}