{"id":1807,"date":"2024-04-02T16:47:13","date_gmt":"2024-04-02T13:47:13","guid":{"rendered":"https:\/\/filosofit.fi\/FiPra\/?page_id=1807"},"modified":"2024-04-02T17:05:49","modified_gmt":"2024-04-02T14:05:49","slug":"filosofisen-praktiikan-juhlaseminaari-8-6-2024-helsingissa","status":"publish","type":"page","link":"https:\/\/filosofit.fi\/FiPra\/?page_id=1807","title":{"rendered":"Filosofisen praktiikan juhlaseminaari 8.6.2024 Helsingiss\u00e4"},"content":{"rendered":"\n<p><em>Lauantaina 8.6.2024 klo 12-18 | Paikka: Tekstin talo 4 krs., Lintulahdenkatu 3, 00530 Helsinki. Saapumisohjeet l\u00f6yd\u00e4t t\u00e4\u00e4lt\u00e4:<a href=\" https:\/\/tekstintalo.fi\/saapuminen\"> https:\/\/tekstintalo.fi\/saapuminen<\/a><\/em><\/p>\n\n\n\n<p>Filosofisen praktiikan koulutus t\u00e4ytt\u00e4\u00e4 15 vuotta t\u00e4n\u00e4 vuonna. Meill\u00e4 on hyv\u00e4 syy pys\u00e4hty\u00e4 juhlistamaan Kriittisen korkeakoulun, opiskelijoiden ja opettajien ty\u00f6t\u00e4 koulutuksen eteen.<\/p>\n\n\n\n<p>Ilmoittaudu mukaan maksamalla Kriittisen korkeakoulun tilille FI41 8000 1600 7155 60 <strong>15.5. menness\u00e4<\/strong> 10 euron ilmoittautumismaksu (viestikentt\u00e4\u00e4n nimi ja FiPra15). L\u00e4het\u00e4 my\u00f6s osoitteeseen info@kriittinenkorkeakoulu.fi tiedoksi s\u00e4hk\u00f6postiosoitteesi (mahdollisia muutoksia varten) sek\u00e4 ruokarajoitteesi (kakkutarjoilua varten).<\/p>\n\n\n\n<h2 class=\"wp-block-heading\" style=\"font-size:38px;line-height:1.4\">Ohjelma<\/h2>\n\n\n\n<p>Tilaisuuden puheenjohtajana toimii filosofi Markus Neuvonen<\/p>\n\n\n\n<ul class=\"wp-block-list\" style=\"font-size:18px\">\n<li>12:00-12:15 Tervetuloa ja alkupuheenvuoro, Jaakko Vilja, Kriittisen korkeakoulun toiminnanjohtaja<\/li>\n\n\n\n<li>12:15-12:45 Elli Akr\u00e9n-Ebbe &amp; Perttu Salovaara: Filosofisen praktiikan koulutus Suomessa: miksi ja mit\u00e4?<\/li>\n\n\n\n<li>12:45-13:30 P\u00e4\u00e4puheenvuoro Antti Mattila: 25 vuotta filosofin vastaanottoa<\/li>\n\n\n\n<li>Biotauko<\/li>\n\n\n\n<li>13:40-14:00 Puheenvuoro: Else Turunen: Selvyytt\u00e4 solmuihin &#8211; filosofisen praktiikat opit apuna nuorten ristiriita- ja kiusaamistilanteiden selvittelyss\u00e4. Vuosikurssi 2014\u20132016<\/li>\n\n\n\n<li>14.00-14.20 Puheenvuoro: Katarina Blomqvist: Kuuntelen, siis olen. Vuosikurssi 2017-2018<\/li>\n\n\n\n<li>14:20-14:30 Kysymyksi\u00e4 ja kommentteja puheenvuoroista<\/li>\n\n\n\n<li>14.30-14:50. Puheenvuoro: Kati Kuula: Yhdistys yhteis\u00f6llisen\u00e4 harjoituksena. Vuosikurssi 2020-2021<\/li>\n\n\n\n<li>14:50-15:10 Puheenvuoro: Mika Koskinen: Filosofia ja terveysk\u00e4sityksemme. Vuosikurssi 2020-2021<\/li>\n\n\n\n<li>15:10-15:20 Kysymyksi\u00e4 ja kommentteja puheenvuoroista<br><\/li>\n\n\n\n<li>Kahvia ja kakkua!<\/li>\n\n\n\n<li>16:15-16.35 Puheenvuoro: Irene V\u00e4nninen: Omaa praktikkopolkua etsim\u00e4ss\u00e4: Protu-leirit dialogin sovelluskohteena. Vuosikurssi 2021-2022<\/li>\n\n\n\n<li>16.35-16:55 Puheenvuoro: Mirja H\u00e4m\u00e4l\u00e4inen: Kielen ja mielen harjoitus? <br>Bohmilainen dialogi kielenopetuksessa<\/li>\n\n\n\n<li>16.55-17:10 Kysymyksi\u00e4 ja kommentteja puheenvuoroista<\/li>\n\n\n\n<li>Biotauko<\/li>\n\n\n\n<li>17:20-18.00 Juhlapaneelikeskustelu: Paneelin vet\u00e4j\u00e4n\u00e4 Sari Mattila.<\/li>\n\n\n\n<li>Kuohuviinitarjoilu<\/li>\n<\/ul>\n\n\n\n<p>P\u00e4iv\u00e4 jatkuu vapaamuotoisen yhdess\u00e4olon merkeiss\u00e4 Tekstin talon baarissa tai muussa valitussa paikassa.<\/p>\n\n\n\n<p>L\u00c4MPIM\u00c4STI TERVETULOA MUKAAN!<\/p>\n\n\n\n<p>Seminaaria koskevat tiedustelut: Sari Mattila (ssam@iki.fi), Pia Houni (pia.houni@tuni.fi), Jaakko Vilja (jaakko.vilja@kriittinenkorkeakoulu.fi)<\/p>\n","protected":false},"excerpt":{"rendered":"<p>Lauantaina 8.6.2024 klo 12-18 | Paikka: Tekstin talo 4 krs., Lintulahdenkatu 3, 00530 Helsinki. Saapumisohjeet l\u00f6yd\u00e4t t\u00e4\u00e4lt\u00e4: https:\/\/tekstintalo.fi\/saapuminen Filosofisen praktiikan koulutus t\u00e4ytt\u00e4\u00e4 15 vuotta t\u00e4n\u00e4 vuonna. Meill\u00e4 on hyv\u00e4 syy pys\u00e4hty\u00e4 juhlistamaan Kriittisen korkeakoulun, opiskelijoiden ja opettajien ty\u00f6t\u00e4 koulutuksen eteen. Ilmoittaudu mukaan maksamalla Kriittisen korkeakoulun tilille FI41 8000 1600 7155 60 15.5. menness\u00e4 10 euron&hellip; <\/p>\n<p class=\"toivo-read-more\"><a href=\"https:\/\/filosofit.fi\/FiPra\/?page_id=1807\" class=\"more-link\">Lue lis\u00e4\u00e4 <span class=\"screen-reader-text\">Filosofisen praktiikan juhlaseminaari 8.6.2024 Helsingiss\u00e4<\/span><\/a><\/p>\n","protected":false},"author":17,"featured_media":1769,"parent":31,"menu_order":1,"comment_status":"closed","ping_status":"closed","template":"","meta":{"footnotes":""},"class_list":{"0":"post-1807","1":"page","2":"type-page","3":"status-publish","4":"has-post-thumbnail","6":"entry"},"_links":{"self":[{"href":"https:\/\/filosofit.fi\/FiPra\/index.php?rest_route=\/wp\/v2\/pages\/1807","targetHints":{"allow":["GET"]}}],"collection":[{"href":"https:\/\/filosofit.fi\/FiPra\/index.php?rest_route=\/wp\/v2\/pages"}],"about":[{"href":"https:\/\/filosofit.fi\/FiPra\/index.php?rest_route=\/wp\/v2\/types\/page"}],"author":[{"embeddable":true,"href":"https:\/\/filosofit.fi\/FiPra\/index.php?rest_route=\/wp\/v2\/users\/17"}],"replies":[{"embeddable":true,"href":"https:\/\/filosofit.fi\/FiPra\/index.php?rest_route=%2Fwp%2Fv2%2Fcomments&post=1807"}],"version-history":[{"count":19,"href":"https:\/\/filosofit.fi\/FiPra\/index.php?rest_route=\/wp\/v2\/pages\/1807\/revisions"}],"predecessor-version":[{"id":1830,"href":"https:\/\/filosofit.fi\/FiPra\/index.php?rest_route=\/wp\/v2\/pages\/1807\/revisions\/1830"}],"up":[{"embeddable":true,"href":"https:\/\/filosofit.fi\/FiPra\/index.php?rest_route=\/wp\/v2\/pages\/31"}],"wp:featuredmedia":[{"embeddable":true,"href":"https:\/\/filosofit.fi\/FiPra\/index.php?rest_route=\/wp\/v2\/media\/1769"}],"wp:attachment":[{"href":"https:\/\/filosofit.fi\/FiPra\/index.php?rest_route=%2Fwp%2Fv2%2Fmedia&parent=1807"}],"curies":[{"name":"wp","href":"https:\/\/api.w.org\/{rel}","templated":true}]}}