{"id":1434,"date":"2023-10-02T13:04:14","date_gmt":"2023-10-02T10:04:14","guid":{"rendered":"https:\/\/filosofit.fi\/FiPra\/?page_id=1434"},"modified":"2025-11-15T18:16:13","modified_gmt":"2025-11-15T16:16:13","slug":"maailman-filosofiapaiva-kirjastoissa","status":"publish","type":"page","link":"https:\/\/filosofit.fi\/FiPra\/?page_id=1434","title":{"rendered":"Maailman filosofiap\u00e4iv\u00e4n kirjavinkit kirjastoille"},"content":{"rendered":"\n<p><a rel=\"noreferrer noopener\" href=\"https:\/\/www.unesco.org\/en\/days\/philosophy\" target=\"_blank\">Unescon Maailman filosofiap\u00e4iv\u00e4\u00e4<\/a> vietet\u00e4\u00e4n joka vuosi marraskuun 3. torstai. Unesco haastaa mukaan t\u00e4h\u00e4n vapaan, tietoisen ajattelun yhteiseen p\u00e4iv\u00e4\u00e4n filosofeja, tieteentekij\u00f6it\u00e4 eri aloilta, opettajia, kouluttajia, opiskelijoita, journalisteja ja suuren yleis\u00f6n. Unesco rohkaisee j\u00e4rjest\u00e4m\u00e4\u00e4n toimintaa aikamme suurien haasteiden ja ajattelun \u00e4\u00e4rell\u00e4 &#8211; filosofisia dialogeja, debatteja, konferensseja, ty\u00f6pajoja, kulttuuritapahtumia ja esityksi\u00e4. <\/p>\n\n\n\n<p>Filosofisen praktiikan verkosto on j\u00e4rjest\u00e4nyt Maailman filosofiap\u00e4iv\u00e4n\u00e4 (ja ko. viikolla) mm. sokraattisia dialogeja, filo caf\u00e9 -keskusteluita, lainaa filosofia -k\u00e4velyit\u00e4\/vastaanottoja kirjastoissa. Kokosimme kirjastoille kirjavinkkej\u00e4, joiden avulla esitell\u00e4 Maailman filosofiap\u00e4iv\u00e4\u00e4 ja filosofiaa k\u00e4vij\u00f6ille. Lista on p\u00e4ivitetty 11\/2025<\/p>\n\n\n\n<p>Pia Houni, Mika Holopainen, Kati Kuula &amp; Tiina Kokkoniemi (toim.): <strong>Filosofisia kohtaamisia. Ajatuksia filosofisesta praktiikasta.\u00a0<\/strong><\/p>\n\n\n\n<p><strong>Filosofien el\u00e4m\u00e4ntarinoita:\u00a0<\/strong><br>Wolfram Eilenberger: Taikurien aika<br>Jukka Laajarinne: Mykistynyt mies<br>Markku Kailaheimo: Stoalaisia kummitusjuttuja &amp; Tuberon saviastioista<br><strong><br>Filosofian naisia:<\/strong><br>Wolfram Eilenberger: Vapauden tuli<br>Torsti Lehtinen: Sofian sisaret<br>Rebecca Buxton &amp; Lisa Whiting (toim.): Filosofian kuningattaret: historian sivuutettujen ajattelijoiden el\u00e4m\u00e4 ja perint\u00f6<\/p>\n\n\n\n<p><strong>K\u00e4yt\u00e4nn\u00f6llisest\u00e4 viisaudesta:\u00a0<\/strong><br>Andre Comte-Sponville: Pieni kirja suurista hyveist\u00e4\u00a0<br>Jenni Sp\u00e4nn\u00e4ri &amp; Eeva K. Kallio: Viisaus. K\u00e4ytt\u00e4j\u00e4n opas<br>Pia Houni: Sokraattinen mieli<br>Massimo Pigliucci: Stoalaisuuden k\u00e4sikirja<br><strong><br>Itsetuntemuksesta, el\u00e4m\u00e4n tarkoituksesta ja hyv\u00e4st\u00e4 el\u00e4m\u00e4st\u00e4<\/strong><br>Jukka Laajarinne: Muumit ja olemisen arvoitus<br>Michel de Montaigne: Esseit\u00e4. Osat I &#8211; III<br>Anthony de Mello: Havahtuminen<br>Juhani Mattila: Onnea etsim\u00e4ss\u00e4. Mit\u00e4 kaipaamme kun kaipaamme onnellisuutta<br>Ilkka Niiniluoto: Hyv\u00e4n el\u00e4m\u00e4n filosofiaa<br>Seneca:\u00a0 El\u00e4m\u00e4n lyhyydest\u00e4<br>Juhana Torkki: J\u00e4rkev\u00e4 onni. Stoalainen tie mielenrauhaan<br>Frank Martela: El\u00e4m\u00e4n tarkoitus. Suuntana merkityksellinen el\u00e4m\u00e4<br>Frank Martela: \u00c4l\u00e4 etsi onnea\u200b. Ep\u00e4tyypillisi\u00e4 el\u00e4m\u00e4nohjeita nykyihmiselle\u200b<br>Antti Hautam\u00e4ki: N\u00e4e asiat uudessa valossa<br>Saku Tuominen: Kaikki on hyvin riippumatta siit\u00e4, miten kaikki on<br>Kai Alhanen: Dialogi demokratiassa<br>Rutger Bregman: Hyv\u00e4n historia. ihmiskunta uudessa valossa<br>Svend Brinkmann: Mit\u00e4 on olla ihminen?<br>Timo Airaksinen: Millaista oli? Filosofin oppivuodet<\/p>\n\n\n\n<p><strong>Kaunokirjallisuutta el\u00e4m\u00e4n ja olemisen kysymysten \u00e4\u00e4rell\u00e4:<\/strong><br>Milan Kundera: Olemisen siet\u00e4m\u00e4t\u00f6n keveys<br>Albert Camus: Sivullinen<br>Albert Camus: Putoaminen<br>Samuel Beckett: Godota odottaessa<br>Oscar Wilde: Dorian Grayn muotokuva<br>Mary Shelley: Frankenstein<br>Clarice Lispector: El\u00e4m\u00e4n henk\u00e4ys<\/p>\n\n\n\n<p><strong>Filosofit liikkeell\u00e4 ja luonnossa:<\/strong><br>Fr\u00e9d\u00e9ric Gros: K\u00e4velyn filosofiaa<br>Henry David Thoreau: Walden. El\u00e4m\u00e4\u00e4 mets\u00e4ss\u00e4<br>Emily Thomas: Matkanteon mieli<br>Marke Ahonen: Lintujen katselemisen taito<br>Michael Pollan: Puutarhurin oppivuodet<br>Aldo Leopold: Sand Countyn almanakka ja luonnoksia sielt\u00e4 t\u00e4\u00e4lt\u00e4<br>Porfyrios: Sielullisten vahingoittamista vastaan<\/p>\n\n\n\n<p><strong>Lapsille ja nuorille, lapsista ja nuorista:\u00a0<\/strong><br>Arto Kivim\u00e4en antiikin tarinoita lapsille<br>Marie-France Daniel: Matildan ja Taavetin seikkailut<br>Jostein Gaarder: Sofian maailma<br>Marketta Pyysalo: Mitenniinmuka-kirja<br>Michael Siegmund ja Arlett Siegmund: P\u00f6ll\u00f6vaari Kaarlo ja Nils: tarinakirja lasten kanssa filosofointiin<br>Eero Ojanen: Lapsen filosofia<br>Matthew Lipman: Ajattelu kasvatuksessa. Kasvatusfilosofinen johdatus ajattelun taitojen opettamiseen<\/p>\n\n\n\n<p><strong>Ajatellaan ajattelua, argumentaatiota ja dialogia:<br><\/strong>Daniel Kahneman: Ajattelu, nopeasti ja hitaasti<br>Leila Haaparanta &amp; Ilkka Niiniluoto: Johdatus tieteelliseen ajatteluun<br>Lauri J\u00e4rvilehto: Tee itsest\u00e4si mestariajattelija.<br>Marja-Liisa Kakkuri-Knuuttila (toim.): Argumentti ja kritiikki : lukemisen, keskustelun ja vakuuttamisen taidot<br>Antti S. Mattila: Ratkaisu: ajattele toisin<br>Esa Saarinen: Ajattelusta : E. Saarisen ajatuksia el\u00e4m\u00e4st\u00e4, rakkaudesta &amp; ajattelun ajattelusta<br>Markus Neuvonen: P\u00e4\u00e4t\u00e4 viisaasti<br>Kai Alhanen: Dialogi demokratiassa<br>Veikko Launis: Ihmisarvo<br>Timothy Williamson: Filosofinen menetelm\u00e4<br>Julian Baggini: Filosofisen ajattelun opas<\/p>\n\n\n\n<p><strong>Ty\u00f6el\u00e4m\u00e4st\u00e4:\u00a0<\/strong><br>Jussi Onnismaa: Organisaation aika, muisti ja etiikka<br>Brian O\u2019Connor: Joutilaisuus : essee filosofiasta<br>Matthew B Crawford: El\u00e4m\u00e4n korjaajat &#8211; K\u00e4dentaitojen ja k\u00e4yt\u00e4nn\u00f6llisen ammattity\u00f6n ylistys<\/p>\n","protected":false},"excerpt":{"rendered":"<p>Unescon Maailman filosofiap\u00e4iv\u00e4\u00e4 vietet\u00e4\u00e4n joka vuosi marraskuun 3. torstai. Unesco haastaa mukaan t\u00e4h\u00e4n vapaan, tietoisen ajattelun yhteiseen p\u00e4iv\u00e4\u00e4n filosofeja, tieteentekij\u00f6it\u00e4 eri aloilta, opettajia, kouluttajia, opiskelijoita, journalisteja ja suuren yleis\u00f6n. Unesco rohkaisee j\u00e4rjest\u00e4m\u00e4\u00e4n toimintaa aikamme suurien haasteiden ja ajattelun \u00e4\u00e4rell\u00e4 &#8211; filosofisia dialogeja, debatteja, konferensseja, ty\u00f6pajoja, kulttuuritapahtumia ja esityksi\u00e4. Filosofisen praktiikan verkosto on j\u00e4rjest\u00e4nyt Maailman filosofiap\u00e4iv\u00e4n\u00e4&hellip; <\/p>\n<p class=\"toivo-read-more\"><a href=\"https:\/\/filosofit.fi\/FiPra\/?page_id=1434\" class=\"more-link\">Lue lis\u00e4\u00e4 <span class=\"screen-reader-text\">Maailman filosofiap\u00e4iv\u00e4n kirjavinkit kirjastoille<\/span><\/a><\/p>\n","protected":false},"author":17,"featured_media":1435,"parent":31,"menu_order":1,"comment_status":"closed","ping_status":"closed","template":"","meta":{"footnotes":""},"class_list":{"0":"post-1434","1":"page","2":"type-page","3":"status-publish","4":"has-post-thumbnail","6":"entry"},"_links":{"self":[{"href":"https:\/\/filosofit.fi\/FiPra\/index.php?rest_route=\/wp\/v2\/pages\/1434","targetHints":{"allow":["GET"]}}],"collection":[{"href":"https:\/\/filosofit.fi\/FiPra\/index.php?rest_route=\/wp\/v2\/pages"}],"about":[{"href":"https:\/\/filosofit.fi\/FiPra\/index.php?rest_route=\/wp\/v2\/types\/page"}],"author":[{"embeddable":true,"href":"https:\/\/filosofit.fi\/FiPra\/index.php?rest_route=\/wp\/v2\/users\/17"}],"replies":[{"embeddable":true,"href":"https:\/\/filosofit.fi\/FiPra\/index.php?rest_route=%2Fwp%2Fv2%2Fcomments&post=1434"}],"version-history":[{"count":6,"href":"https:\/\/filosofit.fi\/FiPra\/index.php?rest_route=\/wp\/v2\/pages\/1434\/revisions"}],"predecessor-version":[{"id":2271,"href":"https:\/\/filosofit.fi\/FiPra\/index.php?rest_route=\/wp\/v2\/pages\/1434\/revisions\/2271"}],"up":[{"embeddable":true,"href":"https:\/\/filosofit.fi\/FiPra\/index.php?rest_route=\/wp\/v2\/pages\/31"}],"wp:featuredmedia":[{"embeddable":true,"href":"https:\/\/filosofit.fi\/FiPra\/index.php?rest_route=\/wp\/v2\/media\/1435"}],"wp:attachment":[{"href":"https:\/\/filosofit.fi\/FiPra\/index.php?rest_route=%2Fwp%2Fv2%2Fmedia&parent=1434"}],"curies":[{"name":"wp","href":"https:\/\/api.w.org\/{rel}","templated":true}]}}